{"id":4700,"date":"2026-01-05T19:34:48","date_gmt":"2026-01-05T18:34:48","guid":{"rendered":"https:\/\/tazig.fr\/?p=4700"},"modified":"2026-04-14T15:55:52","modified_gmt":"2026-04-14T13:55:52","slug":"agenda-janvier-a-mars-2026","status":"publish","type":"page","link":"https:\/\/tazig.fr\/index.php\/agenda-janvier-a-mars-2026\/","title":{"rendered":"Agenda Janvier \u00e0 ao\u00fbt 2026"},"content":{"rendered":"\t\t<div data-elementor-type=\"wp-post\" data-elementor-id=\"4700\" class=\"elementor elementor-4700\" data-elementor-post-type=\"page\">\n\t\t\t\t\t\t<section class=\"elementor-section elementor-top-section elementor-element elementor-element-7d8ccea7 elementor-section-boxed elementor-section-height-default elementor-section-height-default\" data-id=\"7d8ccea7\" data-element_type=\"section\">\n\t\t\t\t\t\t<div class=\"elementor-container elementor-column-gap-default\">\n\t\t\t\t\t<div class=\"elementor-column elementor-col-100 elementor-top-column elementor-element elementor-element-1d6ee94e\" data-id=\"1d6ee94e\" data-element_type=\"column\">\n\t\t\t<div class=\"elementor-widget-wrap elementor-element-populated\">\n\t\t\t\t\t\t<div class=\"elementor-element elementor-element-1b9d98b1 elementor-widget elementor-widget-text-editor\" data-id=\"1b9d98b1\" data-element_type=\"widget\" data-widget_type=\"text-editor.default\">\n\t\t\t\t<div class=\"elementor-widget-container\">\n\t\t\t\t\t\t\t\t\t<p><span style=\"color: #000080;\"><img fetchpriority=\"high\" decoding=\"async\" class=\"size-medium wp-image-2270 aligncenter\" src=\"https:\/\/tazig.fr\/wp-content\/uploads\/2021\/04\/Temple-des-protecteurs-Menri-300x169.jpg\" alt=\"\" width=\"300\" height=\"169\" srcset=\"https:\/\/tazig.fr\/wp-content\/uploads\/2021\/04\/Temple-des-protecteurs-Menri-300x169.jpg 300w, https:\/\/tazig.fr\/wp-content\/uploads\/2021\/04\/Temple-des-protecteurs-Menri-1024x577.jpg 1024w, https:\/\/tazig.fr\/wp-content\/uploads\/2021\/04\/Temple-des-protecteurs-Menri-768x433.jpg 768w, https:\/\/tazig.fr\/wp-content\/uploads\/2021\/04\/Temple-des-protecteurs-Menri-1536x866.jpg 1536w, https:\/\/tazig.fr\/wp-content\/uploads\/2021\/04\/Temple-des-protecteurs-Menri-2048x1154.jpg 2048w\" sizes=\"(max-width: 300px) 100vw, 300px\" \/><\/span><\/p><h4><strong><span style=\"color: #800000;\">Retrouvez tous les rendez-vous des enseignements de <span style=\"color: #ff0000;\">Lama Samten Y\u00e9sh\u00e9 Rinpoch\u00e9<\/span> du mois de janvier \u00e0 mars 2026. Toutes les informations sur les retraites, cliquez sur le lien <a href=\"https:\/\/tazig.fr\/index.php\/2017\/08\/16\/agenda-retraites\/\">Agenda des Retraites<\/a>.<br \/><\/span><\/strong><\/h4><p><span style=\"text-decoration: underline; color: #ff0000;\"><span style=\"font-size: 12pt; background-color: #ffff99;\"><strong>Journ\u00e9es mensuelles<\/strong><\/span><\/span><\/p><p style=\"padding-left: 40px;\"><span style=\"color: #333399;\"><strong><span style=\"color: #000000;\"><span style=\"color: #800000;\">A Lauris (84)<\/span><span style=\"color: #333333;\">,<\/span><\/span><span style=\"color: #333333;\"> rendez-vous mensuels le <\/span><span style=\"color: #ff6600;\">dimanche 1er mars 2026<\/span><\/strong><\/span><span style=\"color: #333399;\"><strong><span style=\"color: #ff6600;\"><span style=\"color: #333333;\">, le<\/span> dimanche 3 mai 2026<\/span><\/strong><\/span><span style=\"color: #333399;\"><strong><span style=\"color: #333333;\">\u00a0et le <span style=\"color: #ff6600;\">dimanche 7 juin 2026<\/span> de 10h \u00e0 17h <\/span><\/strong><\/span><span style=\"color: #000000;\"><span style=\"color: #333333;\"><strong>au \u00ab\u00a0Grand Jardin d&rsquo;Elisabeth\u00a0\u00bb, 95, avenue de la Gare<\/strong><\/span><strong><span style=\"color: #333333;\">.<\/span><\/strong> <span style=\"color: #333333;\"><strong>\u2013<\/strong> R\u00e9servation : <\/span><span style=\"color: #3798d4;\">Lauris@tazig.fr <span style=\"color: #333333;\">ou par<\/span> <span style=\"color: #333333;\">SMS<\/span> <span style=\"color: #333333;\">au<\/span> 06 33 40 99 43<br \/><span style=\"color: #000000;\"><em>Pas de journ\u00e9e en janvier et f\u00e9vrier.<\/em><\/span><\/span><\/span><\/p><p style=\"padding-left: 40px;\"><strong><span style=\"color: #800000;\">A Montpellier (34)<\/span>, <span style=\"color: #800000;\">journ\u00e9e sp\u00e9ciale enseignement Bouddha de M\u00e9decine<\/span> <span style=\"color: #ff6600;\">le samedi 28 mars 2026 <\/span><\/strong><strong>de 10h15 \u00e0 17h \u00e0 la salle Les Arceaux, 14 Bis rue Saint Louis<\/strong> <strong>\u2013 <\/strong>R\u00e9servation\u00a0: <a href=\"mailto:contact@tazig.fr\">contact@tazig.fr<\/a><\/p><p style=\"padding-left: 40px;\"><strong><span style=\"color: #800000;\">A Millau (12)<\/span>,<span style=\"color: #333333;\"> rendez-vous mensuels le <\/span><span style=\"color: #ff6600;\">dimanche 29 mars 2026 <\/span><\/strong><strong><span style=\"color: #333333;\">et <span style=\"color: #ff6600;\">le dimanche 21 juin 2026<\/span> de 10h \u00e0 17h \u00e0 Bussac, Commune de Saint Rome de Cernon 12490<\/span><\/strong> <strong>\u2013 <\/strong><span style=\"color: #333333;\">R\u00e9servation\u00a0:<\/span> <span style=\"color: #59aceb;\"><a style=\"color: #59aceb;\" href=\"mailto:millau@tazig.fr\"><span style=\"color: #3798d4;\">millau@tazig.fr<\/span><\/a><\/span><\/p><p style=\"padding-left: 40px;\"><strong><span style=\"color: #800000;\">A Angoul\u00eame<\/span>, rendez-vous <\/strong>(\u00e0 Sainte Croix de Mareuil, 24)<strong>\u00a0le <span style=\"color: #ff6600;\">samedi 27 juin 2026<\/span> \u2013 <\/strong>R\u00e9servation : <span style=\"color: #3366ff;\"><strong><u>06 08 66 58 69<\/u><\/strong><\/span><\/p><p style=\"padding-left: 40px;\"><span style=\"color: #000000;\">Tarif : 35 euros + adh\u00e9sion \u00e0 l&rsquo;association Tazig : 15 euros (20 euros pour un couple) du 1er septembre 2024 au 31 ao\u00fbt 2025. <\/span><br \/><span style=\"color: #000000;\">Partage d&rsquo;un repas v\u00e9g\u00e9tarien tir\u00e9 du sac, chacun apporte du sal\u00e9 ou du sucr\u00e9. Email g\u00e9n\u00e9ral \u00e0 contact@tazig.fr ou par t\u00e9l\u00e9phone au 07 83 38 96 89 .\u00a0<br \/><\/span><\/p><h1 style=\"text-align: center;\"><span style=\"color: #ff0000;\"><strong>\u0f04 \u0f04 \u0f04<\/strong><\/span><\/h1><div><span style=\"text-decoration: underline;\"><strong><span style=\"color: #ff0000; background-color: #ffff99; text-decoration: underline;\">M\u00e9ditation et yoga tib\u00e9tain\u00a0<\/span><\/strong><\/span><br \/><span style=\"color: #000000;\"><strong>Reprise des sessions de pratiques hebdomadaires<\/strong> \u00e0 partir du lundi 04 janvier 2026<\/span><\/div><div><p><strong><span style=\"color: #3366ff;\">M\u00e9ditation via Zoom<\/span> &#8211; <\/strong><em><span style=\"color: #333333;\">Ouvert \u00e0 tous, adh\u00e9sion \u00e0 l\u2019association souhait\u00e9e. Nous contacter pour recevoir les codes d&rsquo;acc\u00e8s \u00e0<\/span> <span style=\"color: #0000ff;\">contact@tazig.fr<\/span><br \/><\/em><span style=\"color: #800000;\">Lundi : 20h \u2013 21h\u00a0<\/span><\/p><\/div><p><strong><span style=\"color: #3366ff;\">Yoga tib\u00e9tain (A-THRI DZOGCHEN TSA-LUNG TRUL-KHOR) + 20 mn de m\u00e9ditation<\/span><br \/><\/strong><span style=\"color: #800000;\">Jeudi : 18h30 \u2013 20h<\/span><br \/><span style=\"color: #333333;\">En salle Les Arceaux et via Zoom (<\/span><span style=\"color: #333333;\">1 cours d\u2019essai possible)<\/span><br \/><span style=\"color: #333333;\"><strong>Tarifs et Inscription<\/strong> sur lien Helloasso, cliquez sur <a href=\"https:\/\/www.helloasso.com\/associations\/tazig-samten-ling\/evenements\/abonnement-yoga-tibetain-jeudi\"><span style=\"color: #0000ff;\"><strong>Abonnement Jeudi<\/strong><\/span><\/a><\/span><br \/><a href=\"https:\/\/www.helloasso.com\/associations\/tazig-samten-ling\/adhesions\/fiche-adhesion-tazig-2025-2026\"><strong><em><span style=\"color: #ff0000;\">Nous vous remercions d\u2019\u00eatre \u00e0 jour de votre <span style=\"text-decoration: underline;\">adh\u00e9sion.<\/span><\/span> <\/em><\/strong><\/a><\/p><p><span style=\"color: #800000;\"><strong>8 sessions approfondies<\/strong><\/span> : <strong><span style=\"color: #ff9900;\">samedi de 10h15 \u2013 12h15<\/span><\/strong><br \/><span style=\"color: #333333;\">Dates : 25 octobre 2025 ; 22 novembre 2025, 13 d\u00e9cembre 2025, 24 janvier 2026, 14 f\u00e9vrier 2026, 14 mars 2026, 11 avril 2026.<\/span> <br \/><span style=\"color: #333333;\"><strong>Tarif adh\u00e9rent<\/strong>: 8\u20ac la s\u00e9ance, inscription sur lien Helloasso, cliquez sur <a href=\"https:\/\/www.helloasso.com\/associations\/tazig-samten-ling\/evenements\/session-yoga-samedi-matin\"><span style=\"color: #0000ff;\"><strong>Session Samedi<\/strong><\/span><\/a><\/span><\/p><p><span style=\"text-decoration: underline; font-size: 16px;\"><span style=\"color: #ff0000; background-color: #ffff99;\"><strong>Retraites<br \/><\/strong><\/span><\/span><span style=\"color: #000000;\"><strong>Informations d\u00e9taill\u00e9es <\/strong><\/span><strong><span style=\"color: #000000;\">sur le lien<\/span> <a href=\"https:\/\/tazig.fr\/index.php\/2017\/08\/16\/agenda-retraites\/\">Agenda des Retraites.<\/a><\/strong><\/p><h1 style=\"text-align: center;\"><span style=\"color: #ff0000;\"><strong>\u0f04 \u0f04 \u0f04<\/strong><\/span><\/h1><p><strong><span style=\"color: #800000;\">ADH\u00c9SION \u00e0 l&rsquo;association,<\/span> <br \/><\/strong><\/p><p><span style=\"color: #000080;\">Nous vous invitons chaleureusement \u00e0 renouveler votre adh\u00e9sion annuelle \u00e0 l\u2019association, valable du <span style=\"color: #800000;\">1er septembre 2025 au 31 ao\u00fbt 2026<\/span>. Votre soutien \u00e0 travers cette adh\u00e9sion est inestimable, car il contribue \u00e0 faire vivre notre communaut\u00e9. Cela nous permet d&rsquo;organiser des stages et des retraites tout en partageant la sagesse des enseignements pr\u00e9cieux que Lama Samten nous transmet.<\/span><\/p><p><strong><span style=\"color: #000080;\">Lien Helloasso pour adh\u00e9rer \u00e0 l\u2019association :<\/span><\/strong> <a href=\"https:\/\/www.helloasso.com\/associations\/tazig-samten-ling\/adhesions\/fiche-adhesion-tazig-2025-2026\"><strong>Lien adh\u00e9sion<\/strong><\/a><\/p><p><strong><span style=\"color: #000080;\">Nous vous souhaitons une belle rentr\u00e9e !<\/span><\/strong><\/p><p><strong><span style=\"color: #000080;\">L\u2019\u00e9quipe de Tazig Samten Ling<\/span><\/strong><\/p>\t\t\t\t\t\t\t\t<\/div>\n\t\t\t\t<\/div>\n\t\t\t\t\t<\/div>\n\t\t<\/div>\n\t\t\t\t\t<\/div>\n\t\t<\/section>\n\t\t\t\t<section class=\"elementor-section elementor-top-section elementor-element elementor-element-d999f0c elementor-section-boxed elementor-section-height-default elementor-section-height-default\" data-id=\"d999f0c\" data-element_type=\"section\">\n\t\t\t\t\t\t<div class=\"elementor-container elementor-column-gap-default\">\n\t\t\t\t\t<div class=\"elementor-column elementor-col-50 elementor-top-column elementor-element elementor-element-ebd1308\" data-id=\"ebd1308\" data-element_type=\"column\">\n\t\t\t<div class=\"elementor-widget-wrap\">\n\t\t\t\t\t\t\t<\/div>\n\t\t<\/div>\n\t\t\t\t<div class=\"elementor-column elementor-col-50 elementor-top-column elementor-element elementor-element-72466a8\" data-id=\"72466a8\" data-element_type=\"column\">\n\t\t\t<div class=\"elementor-widget-wrap\">\n\t\t\t\t\t\t\t<\/div>\n\t\t<\/div>\n\t\t\t\t\t<\/div>\n\t\t<\/section>\n\t\t\t\t<section class=\"elementor-section elementor-top-section elementor-element elementor-element-17cb246 elementor-section-boxed elementor-section-height-default elementor-section-height-default\" data-id=\"17cb246\" data-element_type=\"section\">\n\t\t\t\t\t\t<div class=\"elementor-container elementor-column-gap-default\">\n\t\t\t\t\t<div class=\"elementor-column elementor-col-100 elementor-top-column elementor-element elementor-element-8793d9b\" data-id=\"8793d9b\" data-element_type=\"column\">\n\t\t\t<div class=\"elementor-widget-wrap elementor-element-populated\">\n\t\t\t\t\t\t<div class=\"elementor-element elementor-element-aad5ce7 elementor-widget elementor-widget-text-editor\" data-id=\"aad5ce7\" data-element_type=\"widget\" data-widget_type=\"text-editor.default\">\n\t\t\t\t<div class=\"elementor-widget-container\">\n\t\t\t\t\t\t\t\t\t<p><strong style=\"color: #000000; font-family: var( --e-global-typography-text-font-family ), Sans-serif; font-size: 1rem;\"><em>\u00ab\u00a0Cher(e)s ami(e)s de Tazig,<\/em><\/strong><\/p><p><span style=\"color: #000000;\"><strong><em>\u00a0Nous vous vous remercions vivement pour l&rsquo;attention pr\u00eat\u00e9e \u00e0 tous ces \u00e9v\u00e8nements <\/em><\/strong><\/span><span style=\"color: #000000;\"><strong><em>qui font la vie de notre association\u00a0<\/em><\/strong><\/span><span style=\"font-family: var( --e-global-typography-text-font-family ), Sans-serif; font-weight: var( --e-global-typography-text-font-weight ); font-size: 1rem; color: #000000;\"><strong><em>et qui permettent \u00e0 Lama Samten Yesh\u00e9 Rinpoch\u00e9 de diffuser les enseignements de sagesse de la tradition B\u00f6n.\u00a0\u00bb<br \/><br \/><\/em><\/strong><\/span><span style=\"color: #000000;\"><strong><em>Email g\u00e9n\u00e9ral \u00e0 <span style=\"color: #800000;\">contact@tazig.fr<\/span> ou par t\u00e9l\u00e9phone au <span style=\"color: #800000;\">07 83 38 96 89<\/span> .<\/em><\/strong><\/span><\/p>\t\t\t\t\t\t\t\t<\/div>\n\t\t\t\t<\/div>\n\t\t\t\t\t<\/div>\n\t\t<\/div>\n\t\t\t\t\t<\/div>\n\t\t<\/section>\n\t\t\t\t<\/div>\n\t\t","protected":false},"excerpt":{"rendered":"<p>Retrouvez tous les rendez-vous des enseignements de Lama Samten Y\u00e9sh\u00e9 Rinpoch\u00e9 du mois de janvier \u00e0 mars 2026. Toutes les informations sur les retraites, cliquez sur le lien Agenda des Retraites. Journ\u00e9es mensuelles A Lauris (84), rendez-vous mensuels le dimanche 1er mars 2026, le dimanche 3 mai 2026\u00a0et le dimanche 7 juin 2026 de 10h \u00e0 17h au \u00ab\u00a0Grand Jardin d&rsquo;Elisabeth\u00a0\u00bb, 95, avenue de la[&#8230;]<\/p>\n","protected":false},"author":1,"featured_media":5003,"parent":0,"menu_order":0,"comment_status":"closed","ping_status":"open","template":"","meta":{"_uag_custom_page_level_css":"","footnotes":""},"class_list":["post-4700","page","type-page","status-publish","has-post-thumbnail","hentry"],"uagb_featured_image_src":{"full":["https:\/\/tazig.fr\/wp-content\/uploads\/2026\/01\/b059261f-971d-4b92-b2b6-dbe2da047726.png",1152,1316,false],"thumbnail":["https:\/\/tazig.fr\/wp-content\/uploads\/2026\/01\/b059261f-971d-4b92-b2b6-dbe2da047726-150x150.png",150,150,true],"medium":["https:\/\/tazig.fr\/wp-content\/uploads\/2026\/01\/b059261f-971d-4b92-b2b6-dbe2da047726-263x300.png",263,300,true],"medium_large":["https:\/\/tazig.fr\/wp-content\/uploads\/2026\/01\/b059261f-971d-4b92-b2b6-dbe2da047726-768x877.png",768,877,true],"large":["https:\/\/tazig.fr\/wp-content\/uploads\/2026\/01\/b059261f-971d-4b92-b2b6-dbe2da047726-896x1024.png",840,960,true],"1536x1536":["https:\/\/tazig.fr\/wp-content\/uploads\/2026\/01\/b059261f-971d-4b92-b2b6-dbe2da047726.png",1152,1316,false],"2048x2048":["https:\/\/tazig.fr\/wp-content\/uploads\/2026\/01\/b059261f-971d-4b92-b2b6-dbe2da047726.png",1152,1316,false],"post-thumbnail":["https:\/\/tazig.fr\/wp-content\/uploads\/2026\/01\/b059261f-971d-4b92-b2b6-dbe2da047726-840x560.png",840,560,true],"poseidon-header-image":["https:\/\/tazig.fr\/wp-content\/uploads\/2026\/01\/b059261f-971d-4b92-b2b6-dbe2da047726-1152x480.png",1152,480,true],"poseidon-thumbnail-small":["https:\/\/tazig.fr\/wp-content\/uploads\/2026\/01\/b059261f-971d-4b92-b2b6-dbe2da047726-120x80.png",120,80,true],"poseidon-thumbnail-medium":["https:\/\/tazig.fr\/wp-content\/uploads\/2026\/01\/b059261f-971d-4b92-b2b6-dbe2da047726-360x240.png",360,240,true],"poseidon-thumbnail-large":["https:\/\/tazig.fr\/wp-content\/uploads\/2026\/01\/b059261f-971d-4b92-b2b6-dbe2da047726-600x400.png",600,400,true],"poseidon-thumbnail-single":["https:\/\/tazig.fr\/wp-content\/uploads\/2026\/01\/b059261f-971d-4b92-b2b6-dbe2da047726-840x420.png",840,420,true]},"uagb_author_info":{"display_name":"Mandesha","author_link":"https:\/\/tazig.fr\/index.php\/author\/mandesha\/"},"uagb_comment_info":0,"uagb_excerpt":"Retrouvez tous les rendez-vous des enseignements de Lama Samten Y\u00e9sh\u00e9 Rinpoch\u00e9 du mois de janvier \u00e0 mars 2026. Toutes les informations sur les retraites, cliquez sur le lien Agenda des Retraites. Journ\u00e9es mensuelles A Lauris (84), rendez-vous mensuels le dimanche 1er mars 2026, le dimanche 3 mai 2026\u00a0et le dimanche 7 juin 2026 de 10h\u2026","_links":{"self":[{"href":"https:\/\/tazig.fr\/index.php\/wp-json\/wp\/v2\/pages\/4700","targetHints":{"allow":["GET"]}}],"collection":[{"href":"https:\/\/tazig.fr\/index.php\/wp-json\/wp\/v2\/pages"}],"about":[{"href":"https:\/\/tazig.fr\/index.php\/wp-json\/wp\/v2\/types\/page"}],"author":[{"embeddable":true,"href":"https:\/\/tazig.fr\/index.php\/wp-json\/wp\/v2\/users\/1"}],"replies":[{"embeddable":true,"href":"https:\/\/tazig.fr\/index.php\/wp-json\/wp\/v2\/comments?post=4700"}],"version-history":[{"count":14,"href":"https:\/\/tazig.fr\/index.php\/wp-json\/wp\/v2\/pages\/4700\/revisions"}],"predecessor-version":[{"id":5020,"href":"https:\/\/tazig.fr\/index.php\/wp-json\/wp\/v2\/pages\/4700\/revisions\/5020"}],"wp:featuredmedia":[{"embeddable":true,"href":"https:\/\/tazig.fr\/index.php\/wp-json\/wp\/v2\/media\/5003"}],"wp:attachment":[{"href":"https:\/\/tazig.fr\/index.php\/wp-json\/wp\/v2\/media?parent=4700"}],"curies":[{"name":"wp","href":"https:\/\/api.w.org\/{rel}","templated":true}]}}